{"id":90,"date":"2021-11-22T15:26:52","date_gmt":"2021-11-22T14:26:52","guid":{"rendered":"http:\/\/localhost\/cifvieml\/?page_id=90"},"modified":"2022-01-25T10:19:03","modified_gmt":"2022-01-25T09:19:03","slug":"rpc-regime-de-prevoyance-credit","status":"publish","type":"page","link":"https:\/\/cif-vie-mali.com\/index.php\/rpc-regime-de-prevoyance-credit\/","title":{"rendered":"RPC &#8211; REGIME DE PREVOYANCE CREDIT"},"content":{"rendered":"<div id=\"wppb-builder-container\" class=\"wppb-builder-container\">                <div  class=\"wppb-row-parent  wppb-row-1643102102775 \"  >\n\t\t\t\t\t\n\t\t\t\t\t\t\t\t\t\t\n\t\t\t\t\t\t\t\t\t\t\n\t\t\t\t\t<div class=\"wppb-container \">\n\t\t\t\t\t\t\t\t\t\t\t\t\t\n                        <div class=\"wppb-row\">\n\t\t\t\t\t\t\t                                    <div  class=\"wppb-column-parent wppb-column-parent-view wppb-col-1643102102774  \"  >\n                                        <div class=\"wppb-column\">\n\t\t\t\t\t\n\t\t\t\t\t\t\t\t\t\t\t\n                                            <div class=\"wppb-builder-addons\">\n\t\t\t\t\t\t\t\t\t\t\t\t<div class='wppb-builder-addon wppb-addon-1643105929548 wppb-wow bounceInUp'  data-wow-delay='800ms'  data-wow-duration='889ms'  data-addon-id='1643105929548'><div class='wppb-addon'><div class=\"wppb-tab-addon\"><div class=\"wppb-tab-addon-content horizontal-tab horizontalleft verticalleft \"><ul class=\"wppb-tab-nav\"><li class=\"wppb-tab-nav-list wppb-nav-left active\" data-tab=\"tab-0226045\"><div class=\"wppb-tab-nav-list-wrap\"><div><span class=\"wppb-tab-title-content\">RPC \u2013 REGIME DE PREVOYANCE CREDIT<\/span><\/div><\/div><\/li><\/ul><div class=\"wppb-tab-content-wrap\"><div id=\"tab-0226045\" class=\"wppb-tab-content active\"><p><strong>OBJET DU CONTRAT<\/strong><\/p>\n<p>Le contrat RPC a pour objet de couvrir les risques de :<\/p>\n<ul>\n<li>D\u00e9c\u00e8s de l'Assur\u00e9,<\/li>\n<li>Invalidit\u00e9 absolue et d\u00e9finitive de l\u2019Assur\u00e9.<\/li>\n<\/ul>\n<p><strong>ASSURES<\/strong><\/p>\n<p>L'assurance est ouverte, dans les conditions stipul\u00e9es au contrat et rappel\u00e9es ci-dessous aux adh\u00e9rents membres de la caisse titulaires d'une op\u00e9ration de cr\u00e9dit ainsi qu'aux co-emprunteurs.<\/p>\n<p><strong>FORMALITES D\u2019ADHESION<\/strong><\/p>\n<p>L'\u00e2ge d'entr\u00e9e \u00e0 l'assurance est fix\u00e9 \u00e0 la date d'adh\u00e9sion \u00e0 65 ans au plus.<\/p>\n<p>Chaque Adh\u00e9rent doit donner son consentement \u00e9crit \u00e0 l'assurance sur la base d'une demande d'adh\u00e9sion comportant un questionnaire rempli et sign\u00e9.<\/p>\n<p>Selon les r\u00e9ponses apport\u00e9es et en fonction du montant des capitaux assur\u00e9s, l'Assureur peut \u00eatre amen\u00e9 \u00e0 :<\/p>\n<ul>\n<li>Demander des renseignements compl\u00e9mentaires,<\/li>\n<li>Subordonner sa garantie \u00e0 des conditions sp\u00e9ciales.<\/li>\n<\/ul>\n<p><strong>GARANTIES ACCORDEES<\/strong><\/p>\n<p>En cas de d\u00e9c\u00e8s ou d\u2019invalidit\u00e9 absolue et d\u00e9finitive de la personne assur\u00e9e, l\u2019Assureur verse dans les dix (10) jours :<\/p>\n<ul>\n<li>\u00c0 l\u2019institution financi\u00e8re le montant du capital restant d\u00fb selon le tableau d'amortissement d'origine ou celui en vigueur dans les termes initiaux du contrat de cr\u00e9dit \u00e0 la date de l'\u00e9ch\u00e9ance pr\u00e9c\u00e9dant le d\u00e9c\u00e8s ;<\/li>\n<li>Verse aux ayants droit le capital compl\u00e9mentaire garanti<\/li>\n<\/ul>\n<p><strong>CESSATION DES GARANTIES<\/strong><\/p>\n<p>Les garanties prennent fin pour chaque assur\u00e9 :<\/p>\n<ul>\n<li>Lors du remboursement total du cr\u00e9dit garanti,<\/li>\n<li>En cas de cessation du paiement des cotisations,<\/li>\n<li>\u00c0 la date de son 65\u00e8me anniversaire pour les garanties d\u00e9c\u00e8s et invalidit\u00e9 absolue et d\u00e9finitive.<\/li>\n<\/ul>\n<p>La garantie compl\u00e9mentaire prend fin au plus tard en m\u00eame temps que la garantie principale.<\/p>\n<p><strong>EXCLUSIONS<\/strong><\/p>\n<p>En cas de d\u00e9c\u00e8s<\/p>\n<p>L\u2019Assur\u00e9 n\u2019est pas couvert si le d\u00e9c\u00e8s est la cons\u00e9quence d\u2019une maladie ou d\u2019une infirmit\u00e9 existant \u00e0 la date de prise d\u2019effet du contrat et dont il n\u2019a pas \u00e9t\u00e9 fait \u00e9tat \u00e0 l\u2019adh\u00e9sion alors qu\u2019il en avait connaissance.<\/p>\n<p>Tous les risques de d\u00e9c\u00e8s sont assur\u00e9s, quelle qu'en soit la cause, sous r\u00e9serve des dispositions suivantes\u00a0:<\/p>\n<p>Le suicide volontaire n\u2019est pas couvert au cours des deux premi\u00e8res ann\u00e9es du contrat ;<\/p>\n<ul>\n<li>Le d\u00e9c\u00e8s de l'assur\u00e9 provoqu\u00e9 par le fait intentionnel du b\u00e9n\u00e9ficiaire, ou \u00e0 son instigation n\u2019est pas garanti ;<\/li>\n<\/ul>\n<p>En cas de guerre, les garanties seront d\u00e9termin\u00e9es par la l\u00e9gislation \u00e0 intervenir pour les assurances vie en temps de guerre apr\u00e8s la cessation des hostilit\u00e9s ;<\/p>\n<ul>\n<li>Le d\u00e9c\u00e8s r\u00e9sultant d'un accident de navigation a\u00e9rienne n\u2019est couvert que si l'Assur\u00e9 se trouve \u00e0 bord d'un appareil muni d'un certificat valable de navigabilit\u00e9 et conduit par un pilote poss\u00e9dant un brevet et une licence non p\u00e9rim\u00e9e, ce pilote pouvant \u00eatre l'Assur\u00e9 lui-m\u00eame ;<\/li>\n<li>N\u2019est pas couvert le d\u00e9c\u00e8s r\u00e9sultant des cons\u00e9quences des effets directs ou indirects d\u2019explosions, de d\u00e9gagements de chaleur, d\u2019irradiations provenant de la transmutation des noyaux d\u2019atomes. ~ Reste formellement exclu des garanties, tout D\u00e9c\u00e8s ou Invalidit\u00e9 Totale et D\u00e9finitive survenu dans les quinze (15) jours apr\u00e8s la prise d\u2019effet du contrat, caus\u00e9e par une maladie ant\u00e9rieure \u00e0 la date de prise d\u2019effet des garanties, non d\u00e9clar\u00e9e au moment de l\u2019adh\u00e9sion et s\u2019il est m\u00e9dicalement prouv\u00e9 qu\u2019elle n\u2019a pu se d\u00e9velopper \u00e0 l\u2019insu de l\u2019Assur\u00e9.<\/li>\n<\/ul>\n<p><strong>En cas d\u2019Invalidit\u00e9 absolue et d\u00e9finitive (IAD)<\/strong><\/p>\n<p><strong>D\u00e9finition<\/strong> : situation dans laquelle la personne est incapable d\u2019effectuer les actes ordinaires de la vie courante sans l\u2019assistance d\u2019une tierce personne.<\/p>\n<ul>\n<li>Est exclue de la garantie, l\u2019IAD occasionn\u00e9e par un \u00e9v\u00e9nement non couvert en risque de d\u00e9c\u00e8s, ou due \u00e0 un fait ou \u00e0 un engin de guerre en temps de guerre, rixes ou \u00e9meutes, ou provoqu\u00e9e par l'Assur\u00e9 en se blessant intentionnellement ou en tentant de se suicider.<\/li>\n<li>Est exclue l\u2019aggravation d\u2019une invalidit\u00e9 ant\u00e9rieure \u00e0 la date d\u2019effet des garanties dont il n\u2019a \u00e9t\u00e9 fait cas \u00e0 cette date.<\/li>\n<\/ul>\n<p><strong>BENEFICIAIRES<\/strong><\/p>\n<p><strong>Garantie principale<\/strong> : Le b\u00e9n\u00e9fice est attribu\u00e9 \u00e0 la caisse qui est r\u00e9put\u00e9 b\u00e9n\u00e9ficiaire acceptant.<\/p>\n<p>Garantie compl\u00e9mentaire : Le b\u00e9n\u00e9fice est attribu\u00e9 au(x) b\u00e9n\u00e9ficiaire(s) d\u00e9sign\u00e9(s) par l\u2019Assur\u00e9.<\/p><\/div><\/div><\/div><\/div><\/div><\/div>                                            <\/div>\n                                        <\/div>\n                                    <\/div>\n\t\t\t\t\t\t\t\t\t                        <\/div>\n\n                    <\/div>\n                <\/div>\n\t\t\t\t                <div  class=\"wppb-row-parent  wppb-row-1643104787562 \"  >\n\t\t\t\t\t\n\t\t\t\t\t\t\t\t\t\t\n\t\t\t\t\t\t\t\t\t\t\n\t\t\t\t\t<div class=\"wppb-container \">\n\t\t\t\t\t\t\t\t\t\t\t\t\t\n                        <div class=\"wppb-row\">\n\t\t\t\t\t\t\t                                    <div  class=\"wppb-column-parent wppb-column-parent-view wppb-col-1643104787563  \"  >\n                                        <div class=\"wppb-column\">\n\t\t\t\t\t\n\t\t\t\t\t\t\t\t\t\t\t\n                                            <div class=\"wppb-builder-addons\">\n\t\t\t\t\t\t\t\t\t\t\t\t<div class='wppb-builder-addon wppb-addon-1643104788202'  data-addon-id='1643104788202'><div class='wppb-addon'><div class=\"wppb-social-addon\"><div class=\"wppb-social-addon-content\"><ul class=\"wppb-social-button  wppb-social-rounded wppb-social-xlarge\"><li class=\"wppb-social-button-list repeater-0\"><a href=\"http:\/\/wa.me\/76655365\" class=\"wppb-social-btn  wppb-social-success\" =_blank target=\"_blank\" rel=\"noopener\"><i class=\"fab fa-whatsapp\"><\/i><span>ADHERER A CE PRODUIT ICI<\/span><\/a><\/li><\/ul><\/div><\/div><\/div><\/div>                                            <\/div>\n                                        <\/div>\n                                    <\/div>\n\t\t\t\t\t\t\t\t\t                                    <div  class=\"wppb-column-parent wppb-column-parent-view wppb-col-1643104788196  \"  >\n                                        <div class=\"wppb-column\">\n\t\t\t\t\t\n\t\t\t\t\t\t\t\t\t\t\t\n                                            <div class=\"wppb-builder-addons\">\n\t\t\t\t\t\t\t\t\t\t\t\t<div class='wppb-builder-addon wppb-addon-1643104788197'  data-addon-id='1643104788197'><div class='wppb-addon'><div class=\"wppb-social-addon\"><div class=\"wppb-social-addon-content\"><ul class=\"wppb-social-button  wppb-social-rounded wppb-social-xlarge\"><li class=\"wppb-social-button-list repeater-0\"><a href=\"https:\/\/cif-vie-mali.com\/index.php\/contact\/\" class=\"wppb-social-btn  wppb-social-success\" =_self><i class=\"\"><\/i><span>DEMANDER PLUS D&#039;INFOS ICI<\/span><\/a><\/li><\/ul><\/div><\/div><\/div><\/div>                                            <\/div>\n                                        <\/div>\n                                    <\/div>\n\t\t\t\t\t\t\t\t\t                        <\/div>\n\n                    <\/div>\n                <\/div>\n\t\t\t\t<\/div>","protected":false},"excerpt":{"rendered":"<p>RPC \u2013 REGIME DE PREVOYANCE CREDIT OBJET DU CONTRAT Le contrat RPC a pour objet de couvrir les risques de : D\u00e9c\u00e8s de l&rsquo;Assur\u00e9, Invalidit\u00e9 absolue et d\u00e9finitive de l\u2019Assur\u00e9. ASSURES L&rsquo;assurance est ouverte, dans les conditions stipul\u00e9es au contrat et rappel\u00e9es ci-dessous aux adh\u00e9rents membres de la caisse titulaires d&rsquo;une op\u00e9ration de cr\u00e9dit ainsi [&hellip;]<\/p>\n","protected":false},"author":1,"featured_media":0,"parent":0,"menu_order":0,"comment_status":"closed","ping_status":"closed","template":"","meta":{"footnotes":""},"class_list":["post-90","page","type-page","status-publish","hentry","wpbf-post"],"jetpack-related-posts":[],"jetpack_sharing_enabled":true,"_links":{"self":[{"href":"https:\/\/cif-vie-mali.com\/index.php\/wp-json\/wp\/v2\/pages\/90","targetHints":{"allow":["GET"]}}],"collection":[{"href":"https:\/\/cif-vie-mali.com\/index.php\/wp-json\/wp\/v2\/pages"}],"about":[{"href":"https:\/\/cif-vie-mali.com\/index.php\/wp-json\/wp\/v2\/types\/page"}],"author":[{"embeddable":true,"href":"https:\/\/cif-vie-mali.com\/index.php\/wp-json\/wp\/v2\/users\/1"}],"replies":[{"embeddable":true,"href":"https:\/\/cif-vie-mali.com\/index.php\/wp-json\/wp\/v2\/comments?post=90"}],"version-history":[{"count":2,"href":"https:\/\/cif-vie-mali.com\/index.php\/wp-json\/wp\/v2\/pages\/90\/revisions"}],"predecessor-version":[{"id":308,"href":"https:\/\/cif-vie-mali.com\/index.php\/wp-json\/wp\/v2\/pages\/90\/revisions\/308"}],"wp:attachment":[{"href":"https:\/\/cif-vie-mali.com\/index.php\/wp-json\/wp\/v2\/media?parent=90"}],"curies":[{"name":"wp","href":"https:\/\/api.w.org\/{rel}","templated":true}]}}