{"id":94,"date":"2021-11-22T15:26:53","date_gmt":"2021-11-22T14:26:53","guid":{"rendered":"http:\/\/localhost\/cifvieml\/?page_id=94"},"modified":"2021-11-22T15:26:53","modified_gmt":"2021-11-22T14:26:53","slug":"rente-education-mixte","status":"publish","type":"page","link":"https:\/\/cif-vie-mali.com\/index.php\/rente-education-mixte\/","title":{"rendered":"Rente Education Mixte"},"content":{"rendered":"<div id=\"wppb-builder-container\" class=\"wppb-builder-container\">                <div  class=\"wppb-row-parent  wppb-row-1643207580222 \"  >\n\t\t\t\t\t\n\t\t\t\t\t\t\t\t\t\t\n\t\t\t\t\t\t\t\t\t\t\n\t\t\t\t\t<div class=\"wppb-container \">\n\t\t\t\t\t\t\t\t\t\t\t\t\t\n                        <div class=\"wppb-row\">\n\t\t\t\t\t\t\t                                    <div  class=\"wppb-column-parent wppb-column-parent-view wppb-col-1643207580221  \"  >\n                                        <div class=\"wppb-column\">\n\t\t\t\t\t\n\t\t\t\t\t\t\t\t\t\t\t\n                                            <div class=\"wppb-builder-addons\">\n\t\t\t\t\t\t\t\t\t\t\t\t<div class='wppb-builder-addon wppb-addon-1643207580225 wppb-wow bounceIn'  data-wow-delay='800ms'  data-wow-duration='889ms'  data-addon-id='1643207580225'><div class='wppb-addon'><div class=\"wppb-tab-addon\"><div class=\"wppb-tab-addon-content horizontal-tab horizontalleft verticalleft \"><ul class=\"wppb-tab-nav\"><li class=\"wppb-tab-nav-list wppb-nav-left active\" data-tab=\"tab-0997360\"><div class=\"wppb-tab-nav-list-wrap\"><div><span class=\"wppb-tab-title-content\">RENTE EDUCATION MIXTE<\/span><\/div><\/div><\/li><\/ul><div class=\"wppb-tab-content-wrap\"><div id=\"tab-0997360\" class=\"wppb-tab-content active\"><div class=\"itemBody\"><div class=\"itemFullText\"><p><strong>Qu'est-ce que la Rente Education Mixte<\/strong><\/p><p>La Rente Education Mixte Galyam\u00a0 a pour objet le paiement d\u2019une rente destin\u00e9e \u00e0 assurer la scolarit\u00e9 du b\u00e9n\u00e9ficiaire d\u00e9sign\u00e9 au contrat, en cas de d\u00e9c\u00e8s ou d\u2019invalidit\u00e9 absolue et d\u00e9finitive de l\u2019assur\u00e9.<\/p><p><strong>Cibles<\/strong><\/p><p>Toute personne physique \u00e2g\u00e9 d\u2019au moins 18 ans et d'au plus 50 ans<\/p><p><strong>Pourquoi faut-il adh\u00e9rer la Rente Education Mixte<\/strong><\/p><p>En adh\u00e9rant \u00e0 cette formule d'assurance, vous assurer l\u2019avenir scolaire de vos enfants m\u00eame en cas de d\u00e9part pr\u00e9matur\u00e9.<\/p><p><strong>Comment adh\u00e9rer au contrat?<\/strong><\/p><ul><li>Adh\u00e9sion libre et volontaire<\/li><li>Avoir la majorit\u00e9 l\u00e9gale<\/li><li>Ne pas \u00eatre \u00e2g\u00e9(e) de plus de 50 ans \u00e0 la souscription<\/li><li>D\u00e9signer un b\u00e9n\u00e9ficiaire mineur \u00e2g\u00e9 de moins de 21 ans<\/li><li>Conditions de sant\u00e9\u00a0: Etre en bonne sant\u00e9 \u00e0 la souscription.<\/li><li>Aucune autre condition de sant\u00e9 n\u2019est exig\u00e9e.<\/li><li>Etre \u00e0 jour de ses cotisations p\u00e9riodiques;<\/li><li>La dur\u00e9e minimale de paiement des cotisations est de cinq (05) ans<\/li><\/ul><p><strong>Quelles sont les couvertures accord\u00e9es?<\/strong><\/p><p><strong>En cas de vie de\u00a0l\u2019assur\u00e9 au terme du contrat\u00a0:<\/strong><\/p><ul><li>versement \u00e0 l'assur\u00e9 ou au b\u00e9n\u00e9ficiaire d\u00e9sign\u00e9 en cas de vie d'un capital \u00e9gal \u00e0 la valeur du \u00ab\u00a0Compte retraite\u00a0\u00bb \u00e0 la date d'\u00e9ch\u00e9ance du contrat,<\/li><li>la valeur du compte retraite est \u00e9gale au capital minimum garanti, major\u00e9 des participations aux b\u00e9n\u00e9fices \u00e9ventuellement distribu\u00e9es.<\/li><\/ul><p><strong>\u00a0<\/strong><strong>En cas de d\u00e9c\u00e8s de l'assur\u00e9 avant le terme du contrat, le versement au b\u00e9n\u00e9ficiaire d\u00e9sign\u00e9 :<\/strong><\/p><ul><li>d\u2019un capital \u00e9gal \u00e0 la valeur atteinte par le \u00ab\u00a0Compte retraite\u00a0\u00bb \u00e0 la date du d\u00e9c\u00e8s,<\/li><li>d\u2019une rente annuelle certaine. Le versement de cette rente commence \u00e0 la premi\u00e8re date anniversaire du contrat suivant la date du d\u00e9c\u00e8s jusqu'\u00e0 la fin du contrat et au plus tard \u00e0 la date \u00e0 laquelle le b\u00e9n\u00e9ficiaire atteint 21 ans.<\/li><\/ul><p><strong>Combien co\u00fbte la couverture?<\/strong><\/p><ul><li>La cotisation minimale mensuelle est de 5 000 FCFA<\/li><li>Le client fixe librement le montant de sa cotisation<\/li><\/ul><\/div><\/div><\/div><\/div><\/div><\/div><\/div><\/div>                                            <\/div>\n                                        <\/div>\n                                    <\/div>\n\t\t\t\t\t\t\t\t\t                        <\/div>\n\n                    <\/div>\n                <\/div>\n\t\t\t\t                <div  class=\"wppb-row-parent  wppb-row-1643207806230 \"  >\n\t\t\t\t\t\n\t\t\t\t\t\t\t\t\t\t\n\t\t\t\t\t\t\t\t\t\t\n\t\t\t\t\t<div class=\"wppb-container \">\n\t\t\t\t\t\t\t\t\t\t\t\t\t\n                        <div class=\"wppb-row\">\n\t\t\t\t\t\t\t                                    <div  class=\"wppb-column-parent wppb-column-parent-view wppb-col-1643207806228  \"  >\n                                        <div class=\"wppb-column\">\n\t\t\t\t\t\n\t\t\t\t\t\t\t\t\t\t\t\n                                            <div class=\"wppb-builder-addons\">\n\t\t\t\t\t\t\t\t\t\t\t\t<div class='wppb-builder-addon wppb-addon-1643207806233'  data-addon-id='1643207806233'><div class='wppb-addon'><div class=\"wppb-social-addon\"><div class=\"wppb-social-addon-content\"><ul class=\"wppb-social-button  wppb-social-rounded wppb-social-xlarge\"><li class=\"wppb-social-button-list repeater-0\"><a href=\"http:\/\/wa.me\/76655365\" class=\"wppb-social-btn  wppb-social-success\" =_self target=\"_blank\" rel=\"noopener\"><i class=\"fab fa-whatsapp\"><\/i><span>ADHERER A CE PRODUIT ICI<\/span><\/a><\/li><\/ul><\/div><\/div><\/div><\/div>                                            <\/div>\n                                        <\/div>\n                                    <\/div>\n\t\t\t\t\t\t\t\t\t                                    <div  class=\"wppb-column-parent wppb-column-parent-view wppb-col-1643207806229  \"  >\n                                        <div class=\"wppb-column\">\n\t\t\t\t\t\n\t\t\t\t\t\t\t\t\t\t\t\n                                            <div class=\"wppb-builder-addons\">\n\t\t\t\t\t\t\t\t\t\t\t\t<div class='wppb-builder-addon wppb-addon-1643207851500'  data-addon-id='1643207851500'><div class='wppb-addon'><div class=\"wppb-social-addon\"><div class=\"wppb-social-addon-content\"><ul class=\"wppb-social-button  wppb-social-rounded wppb-social-xlarge\"><li class=\"wppb-social-button-list repeater-0\"><a  href=\"#\" target=_self class=\"wppb-social-btn  wppb-social-success\"><i class=\"\"><\/i><span>DEMANDER PLUS D&#039;INFOS ICI<\/span><\/a><\/li><\/ul><\/div><\/div><\/div><\/div>                                            <\/div>\n                                        <\/div>\n                                    <\/div>\n\t\t\t\t\t\t\t\t\t                        <\/div>\n\n                    <\/div>\n                <\/div>\n\t\t\t\t<\/div>","protected":false},"excerpt":{"rendered":"<p>RENTE EDUCATION MIXTEQu&rsquo;est-ce que la Rente Education MixteLa Rente Education Mixte Galyam\u00a0 a pour objet le paiement d\u2019une rente destin\u00e9e \u00e0 assurer la scolarit\u00e9 du b\u00e9n\u00e9ficiaire d\u00e9sign\u00e9 au contrat, en cas de d\u00e9c\u00e8s ou d\u2019invalidit\u00e9 absolue et d\u00e9finitive de l\u2019assur\u00e9.CiblesToute personne physique \u00e2g\u00e9 d\u2019au moins 18 ans et d&rsquo;au plus 50 ansPourquoi faut-il adh\u00e9rer la [&hellip;]<\/p>\n","protected":false},"author":1,"featured_media":0,"parent":0,"menu_order":0,"comment_status":"closed","ping_status":"closed","template":"","meta":{"footnotes":""},"class_list":["post-94","page","type-page","status-publish","hentry","wpbf-post"],"jetpack-related-posts":[],"jetpack_sharing_enabled":true,"_links":{"self":[{"href":"https:\/\/cif-vie-mali.com\/index.php\/wp-json\/wp\/v2\/pages\/94","targetHints":{"allow":["GET"]}}],"collection":[{"href":"https:\/\/cif-vie-mali.com\/index.php\/wp-json\/wp\/v2\/pages"}],"about":[{"href":"https:\/\/cif-vie-mali.com\/index.php\/wp-json\/wp\/v2\/types\/page"}],"author":[{"embeddable":true,"href":"https:\/\/cif-vie-mali.com\/index.php\/wp-json\/wp\/v2\/users\/1"}],"replies":[{"embeddable":true,"href":"https:\/\/cif-vie-mali.com\/index.php\/wp-json\/wp\/v2\/comments?post=94"}],"version-history":[{"count":1,"href":"https:\/\/cif-vie-mali.com\/index.php\/wp-json\/wp\/v2\/pages\/94\/revisions"}],"predecessor-version":[{"id":98,"href":"https:\/\/cif-vie-mali.com\/index.php\/wp-json\/wp\/v2\/pages\/94\/revisions\/98"}],"wp:attachment":[{"href":"https:\/\/cif-vie-mali.com\/index.php\/wp-json\/wp\/v2\/media?parent=94"}],"curies":[{"name":"wp","href":"https:\/\/api.w.org\/{rel}","templated":true}]}}